{"id":95455,"date":"2026-04-30T11:18:23","date_gmt":"2026-04-30T08:18:23","guid":{"rendered":"https:\/\/flama.fi\/?post_type=workshopit&#038;p=95455"},"modified":"2026-04-30T12:55:20","modified_gmt":"2026-04-30T09:55:20","slug":"la-1-8-kaivo-summer-fiesta","status":"publish","type":"workshopit","link":"https:\/\/flama.fi\/en\/workshops\/la-1-8-kaivo-summer-fiesta\/","title":{"rendered":"La 1.8. Kaivo Summer Fiesta"},"content":{"rendered":"\n<p>Kaivo Summer Fiesta on ilta t\u00e4ynn\u00e4 aitoa kuubalaista energiaa, livemusiikkia ja unohtumatonta salsabileiden tunnelmaa y\u00f6n pikkutunneille asti.<\/p>\n\n\n\n<p>Luvassa on kokonaisvaltainen el\u00e4mys aina karibialaisista mauista inspiroituneesta buffet-illallisesta tunnelmaan viritt\u00e4viin tanssiesityksiin ja DJ Papin soittamista salsa- ja bachatarytmeist\u00e4 Grupo Kaney -salsab\u00e4ndin ja Mr. Robert El Gatillon hurmaaviin live-esityksiin. My\u00f6s salsaharrastuksesta kiinnostuneille on tarjolla <a href=\"https:\/\/flama.fi\/tuote\/kaivo-summer-fiesta-salsastartti-la-1-8\/\" type=\"product\" id=\"95432\">SalsaStartti-paketti<\/a>, joka sis\u00e4lt\u00e4\u00e4 parisalsan alkeistunnin.<\/p>\n\n\n\n<p>Aguaaa, t\u00e4t\u00e4 iltaa et halua j\u00e4tt\u00e4\u00e4 v\u00e4liin!<\/p>\n\n\n\n<div style=\"height:50px\" aria-hidden=\"true\" class=\"wp-block-spacer\"><\/div>\n\n\n\n<p><strong>Aikataulu la 1.8.<\/strong><\/p>\n\n\n\n<p>16.30\u201317.45 Parisalsan alkeistunti<br>17.45\u201319.00 Herkullinen buffet-illallinen ja tanssiesityksi\u00e4<br>19.00 DJ Papi sytytt\u00e4\u00e4 tunnelman koukuttavilla salsa- ja bachatarytmeill\u00e4<br>20.00 Grupo Kaney -salsab\u00e4ndi esiintyy<br>20.45 Energisen kuuma liveshow: kuubalainen reggaeton-artisti Mr. Robert El Gatillo &amp; Trinitas Dancers<br>21.30 Grupo Kaney -salsab\u00e4ndin toinen setti<\/p>\n\n\n\n<p>Salsabileet jatkuvat Dj Papin kanssa klo 01.00 asti.<\/p>\n\n\n\n<p><strong>Paikka: <\/strong>Naantalin Kaivohuone (Nunnakatu 4, 21100 Naantali)<\/p>\n\n\n\n<div style=\"height:30px\" aria-hidden=\"true\" class=\"wp-block-spacer\"><\/div>\n\n\n\n<p><strong>Liput<\/strong><\/p>\n\n\n\n<ul class=\"wp-block-list\">\n<li>SalsaStartti (alkeistunti, illallinen ja bileet): 85 \u20ac\/hl\u00f6<\/li>\n\n\n\n<li>Illallinen + bileet: 69 \u20ac\/hl\u00f6<\/li>\n\n\n\n<li>Pelk\u00e4t bileet ennakkoon: 35 \u20ac (31.7. asti)<\/li>\n\n\n\n<li>Bilelippu ovelta: 39 \u20ac<\/li>\n<\/ul>\n\n\n\n<div style=\"height:35px\" aria-hidden=\"true\" class=\"wp-block-spacer\"><\/div>\n\n\n\n<div class=\"wp-block-buttons is-layout-flex wp-block-buttons-is-layout-flex\">\n<div class=\"wp-block-button\"><a class=\"wp-block-button__link has-white-color has-text-color has-background has-link-color wp-element-button\" href=\"https:\/\/flama.fi\/tuote\/kaivo-summer-fiesta-la-1-8\/\" style=\"background-color:#e8604b\"><strong>Osta lippu bileisiin<\/strong><\/a><\/div>\n\n\n\n<div class=\"wp-block-button\"><a class=\"wp-block-button__link has-white-color has-text-color has-background has-link-color wp-element-button\" href=\"https:\/\/flama.fi\/tuote\/kaivo-summer-fiesta-salsastartti-la-1-8\/\" style=\"background-color:#e8604b\"><strong>Osta lippu SalsaStarttiin<\/strong><\/a><\/div>\n<\/div>\n\n\n\n<div style=\"height:80px\" aria-hidden=\"true\" class=\"wp-block-spacer\"><\/div>\n\n\n\n<h3 class=\"wp-block-heading\">Illan menu<\/h3>\n\n\n\n<p><strong>Alkuun<\/strong><\/p>\n\n\n\n<p>Vihre\u00e4\u00e4 salaattia (M, G)<br>Tomaattisipulisalaattia (M, G)<br>Kurkkua ja ranskankermaa (L, G)<br>Maissia, papuja ja jalapenoa (M, G)<br>Maissilastuja ja pico de gallo -salsaa (M, G)<br>Tortillalettuja (M)<\/p>\n\n\n\n<p><strong>L\u00e4mpim\u00e4t ruoat<\/strong><\/p>\n\n\n\n<p>Paahdettua bataattia, chermoulaa ja hapankermaa (L, G)<br>Possun kylke\u00e4 al pastor, ananasta ja salsa verde\u00e4 (L, G)<\/p>\n\n\n\n<p><strong>J\u00e4lkiruoka<\/strong><\/p>\n\n\n\n<p>Baskijuustokakkua ja karhunvadelmaa (L)<\/p>\n\n\n\n<p><em>Voit ilmoittaa ruokavaliota tai ruoka-aineallergioita koskevat tiedot lippuostoksen yhteydess\u00e4.<\/em><\/p>\n\n\n\n<div style=\"height:80px\" aria-hidden=\"true\" class=\"wp-block-spacer\"><\/div>\n\n\n\n<figure class=\"wp-block-image size-large\"><img fetchpriority=\"high\" decoding=\"async\" width=\"1030\" height=\"735\" src=\"https:\/\/flama.fi\/wp-content\/uploads\/2026\/04\/Grupo_kaney-1030x735.jpeg\" alt=\"\" class=\"wp-image-95417\" srcset=\"https:\/\/flama.fi\/wp-content\/uploads\/2026\/04\/Grupo_kaney-1030x735.jpeg 1030w, https:\/\/flama.fi\/wp-content\/uploads\/2026\/04\/Grupo_kaney-300x214.jpeg 300w, https:\/\/flama.fi\/wp-content\/uploads\/2026\/04\/Grupo_kaney-768x548.jpeg 768w, https:\/\/flama.fi\/wp-content\/uploads\/2026\/04\/Grupo_kaney-1536x1096.jpeg 1536w, https:\/\/flama.fi\/wp-content\/uploads\/2026\/04\/Grupo_kaney-450x321.jpeg 450w, https:\/\/flama.fi\/wp-content\/uploads\/2026\/04\/Grupo_kaney.jpeg 1600w\" sizes=\"(max-width: 1030px) 100vw, 1030px\" \/><\/figure>\n\n\n\n<h3 class=\"wp-block-heading\">Grupo Kaney<\/h3>\n\n\n\n<p>Grupo Kaney tuo lavalle vahvan ja el\u00e4v\u00e4n l\u00e4pileikkauksen karibialaisesta rytmiperinteest\u00e4 modernilla otteella ja kokeneiden muusikoiden voimin. Vuonna 2007 perustettu yhtye yhdist\u00e4\u00e4 saumattomasti salsan, sonin, cha cha ch\u00e1n ja merenguen rytmej\u00e4 t\u00e4m\u00e4n p\u00e4iv\u00e4n soundiin: mukana soivat kitara, basso, trumpetti, piano ja monipuolinen ly\u00f6m\u00e4soitinkattaus.<\/p>\n\n\n\n<p>T\u00e4m\u00e4n kansainv\u00e4lisen kokoonpanon soitossa kuuluvat vahva perinne ja syv\u00e4 tuntemus kuin my\u00f6s jatkuva liike, joka pit\u00e4\u00e4 musiikin ajassa kiinni.<\/p>\n\n\n\n<p>Viime vuosina yhtyeen riveiss\u00e4 on soittanut my\u00f6s basistilegenda Carlos del Puerto, joka tunnetaan pitk\u00e4st\u00e4 urastaan muun muassa Irakere-yhtyeess\u00e4.<\/p>\n\n\n\n<p>Liven\u00e4 Grupo Kaney luo tunnelman, jossa musiikki ja tanssi kulkevat k\u00e4si k\u00e4dess\u00e4. N\u00e4ihin rytmeihin ei voi olla astumatta mukaan!<\/p>\n\n\n\n<div style=\"height:30px\" aria-hidden=\"true\" class=\"wp-block-spacer\"><\/div>\n\n\n\n<p><strong>Kokoonpano<\/strong><\/p>\n\n\n\n<p>Reynier G\u00f3mez (laulu)<br>Carlos del Puerto (basso)<br>Arto (piano)<br>Ville Iivari (viulu)<br>Carlos Osniel Leal Chile (rummut)<br>Victor Hugo Regalado Paneque (congarummut)<br>Ella Kristina Fagerlund (pasuuna)<br>Aaron Auer (ly\u00f6m\u00e4soittimet)<\/p>\n\n\n\n<div style=\"height:80px\" aria-hidden=\"true\" class=\"wp-block-spacer\"><\/div>\n\n\n\n<figure class=\"wp-block-image size-large\"><img decoding=\"async\" width=\"1030\" height=\"688\" src=\"https:\/\/flama.fi\/wp-content\/uploads\/2026\/04\/mr-robert-elgatillo_trinitas_dancers-1030x688.jpg\" alt=\"\" class=\"wp-image-95415\" srcset=\"https:\/\/flama.fi\/wp-content\/uploads\/2026\/04\/mr-robert-elgatillo_trinitas_dancers-1030x688.jpg 1030w, https:\/\/flama.fi\/wp-content\/uploads\/2026\/04\/mr-robert-elgatillo_trinitas_dancers-300x200.jpg 300w, https:\/\/flama.fi\/wp-content\/uploads\/2026\/04\/mr-robert-elgatillo_trinitas_dancers-768x513.jpg 768w, https:\/\/flama.fi\/wp-content\/uploads\/2026\/04\/mr-robert-elgatillo_trinitas_dancers-1536x1026.jpg 1536w, https:\/\/flama.fi\/wp-content\/uploads\/2026\/04\/mr-robert-elgatillo_trinitas_dancers-450x301.jpg 450w, https:\/\/flama.fi\/wp-content\/uploads\/2026\/04\/mr-robert-elgatillo_trinitas_dancers.jpg 1600w\" sizes=\"(max-width: 1030px) 100vw, 1030px\" \/><\/figure>\n\n\n\n<h3 class=\"wp-block-heading\">Mr. Robert El Gatillo &amp; Trinitas Dancers<\/h3>\n\n\n\n<p>Biletunnelman s\u00e4hk\u00f6ist\u00e4\u00e4 kuubalainen reggaeton-artisti Mr. Robert El Gatillo mukanaan upea Trinitas-tanssiryhm\u00e4. Valmistaudu kokemaan t\u00e4m\u00e4n Havannassa kasvaneen artistin sykett\u00e4 nostattava show, joka takuuvarmasti tempaa mukaansa jokaisen niin tanssilattialla kuin sen laidalla. Mr. Robert El Gatillon musiikki on kuuma yhdistelm\u00e4 reggaetonia, repartoa ja dembow&#8217;ta, ja h\u00e4nen karismaattinen l\u00e4sn\u00e4olonsa ja tarttuvat biisins\u00e4 yhdess\u00e4 taitavien tanssijoiden kanssa lataavat tunnelman huippuunsa.<\/p>\n\n\n\n<div style=\"height:80px\" aria-hidden=\"true\" class=\"wp-block-spacer\"><\/div>\n\n\n\n<figure class=\"wp-block-image size-full\"><img decoding=\"async\" width=\"1024\" height=\"819\" src=\"https:\/\/flama.fi\/wp-content\/uploads\/2026\/04\/dj_papi_flama_dance_party2.jpg\" alt=\"\" class=\"wp-image-95421\" srcset=\"https:\/\/flama.fi\/wp-content\/uploads\/2026\/04\/dj_papi_flama_dance_party2.jpg 1024w, https:\/\/flama.fi\/wp-content\/uploads\/2026\/04\/dj_papi_flama_dance_party2-300x240.jpg 300w, https:\/\/flama.fi\/wp-content\/uploads\/2026\/04\/dj_papi_flama_dance_party2-768x614.jpg 768w, https:\/\/flama.fi\/wp-content\/uploads\/2026\/04\/dj_papi_flama_dance_party2-450x360.jpg 450w\" sizes=\"(max-width: 1024px) 100vw, 1024px\" \/><\/figure>\n\n\n\n<h3 class=\"wp-block-heading\">DJ Papi<\/h3>\n\n\n\n<p>Nicaraguasta kotoisin oleva DJ Papi on todellinen konkari, jolla on vuosikymmenten kokemus latin-afro-musiikin parissa. DJ Papi tuo salsalattialle kuumimmat rytmit Karibian auringon alta \u2013 illan aikana luvassa on aitoa karibialaista tunnelmaa parhaiden alsa-, timba-, son- ja bachata-klassikoiden sek\u00e4 uusimpien hittien tahtiin. DJ Papi tunnetaan siit\u00e4, ett\u00e4 h\u00e4n pit\u00e4\u00e4 tanssilattian t\u00e4ynn\u00e4 ja energian korkealla pikkutunneille asti.<\/p>\n\n\n\n<div style=\"height:80px\" aria-hidden=\"true\" class=\"wp-block-spacer\"><\/div>\n\n\n\n<figure class=\"wp-block-image size-full\"><img loading=\"lazy\" decoding=\"async\" width=\"807\" height=\"605\" src=\"https:\/\/flama.fi\/wp-content\/uploads\/2026\/04\/FlamaXmasShow2025_FlamaCrew_PIENI_DSC_3023.jpg\" alt=\"\" class=\"wp-image-95413\" srcset=\"https:\/\/flama.fi\/wp-content\/uploads\/2026\/04\/FlamaXmasShow2025_FlamaCrew_PIENI_DSC_3023.jpg 807w, https:\/\/flama.fi\/wp-content\/uploads\/2026\/04\/FlamaXmasShow2025_FlamaCrew_PIENI_DSC_3023-300x225.jpg 300w, https:\/\/flama.fi\/wp-content\/uploads\/2026\/04\/FlamaXmasShow2025_FlamaCrew_PIENI_DSC_3023-768x576.jpg 768w, https:\/\/flama.fi\/wp-content\/uploads\/2026\/04\/FlamaXmasShow2025_FlamaCrew_PIENI_DSC_3023-450x337.jpg 450w\" sizes=\"(max-width: 807px) 100vw, 807px\" \/><\/figure>\n\n\n\n<h3 class=\"wp-block-heading\">Tanssiryhm\u00e4 Flama Crew<\/h3>\n\n\n\n<p>Latin Show -tanssiryhm\u00e4 Flama Crew tuo tullessaan tuulahduksen Karibianmeren huumaavaa iloa ja energiaa! Ryhm\u00e4n s\u00e4ken\u00f6iviss\u00e4 koreografioissa yhdistyv\u00e4t karibialaiset ja latinalaiset tanssit tujauksella n\u00e4ytt\u00e4vi\u00e4 show-tanssin elementtej\u00e4. Ryhm\u00e4n repertuaariin kuuluvat muun muassa salsa, reggaeton, samba, bachata, jive ja paso doble. Flaman oma tanssiryhm\u00e4 hurmaa esiintymisell\u00e4\u00e4n ja nostattaa biletunnelman kattoon.<\/p>\n\n\n\n<div style=\"height:80px\" aria-hidden=\"true\" class=\"wp-block-spacer\"><\/div>\n\n\n\n<figure class=\"wp-block-image size-large\"><img loading=\"lazy\" decoding=\"async\" width=\"1030\" height=\"824\" src=\"https:\/\/flama.fi\/wp-content\/uploads\/2026\/04\/SpringShow2025_flamacitas-1030x824.jpg\" alt=\"\" class=\"wp-image-95409\" srcset=\"https:\/\/flama.fi\/wp-content\/uploads\/2026\/04\/SpringShow2025_flamacitas-1030x824.jpg 1030w, https:\/\/flama.fi\/wp-content\/uploads\/2026\/04\/SpringShow2025_flamacitas-300x240.jpg 300w, https:\/\/flama.fi\/wp-content\/uploads\/2026\/04\/SpringShow2025_flamacitas-768x614.jpg 768w, https:\/\/flama.fi\/wp-content\/uploads\/2026\/04\/SpringShow2025_flamacitas-450x360.jpg 450w, https:\/\/flama.fi\/wp-content\/uploads\/2026\/04\/SpringShow2025_flamacitas.jpg 1350w\" sizes=\"(max-width: 1030px) 100vw, 1030px\" \/><\/figure>\n\n\n\n<h3 class=\"wp-block-heading\">Tanssiryhm\u00e4 Flamacitas<\/h3>\n\n\n\n<p>Flamacitas-tanssiryhm\u00e4 hurmaa kuubalaisella eleganssilla ja s\u00e4ken\u00f6iv\u00e4ll\u00e4 energialla. Ryhm\u00e4n esityksiss\u00e4 her\u00e4\u00e4 eloon salsan juuret: sensuelli son ja tulinen salsa nivoutuvat yhteen tyylikk\u00e4iksi, tunnelmallisiksi kokonaisuuksiksi. Flamacitojen lavaesiintyminen on kuin ilta Havannassa \u2013 hienostunut mutta syd\u00e4men l\u00e4mmitt\u00e4v\u00e4, ilahduttava ja ikimuistoinen.<\/p>\n\n\n\n<div style=\"height:80px\" aria-hidden=\"true\" class=\"wp-block-spacer\"><\/div>\n\n\n\n<figure class=\"wp-block-image size-full\"><img loading=\"lazy\" decoding=\"async\" width=\"867\" height=\"694\" src=\"https:\/\/flama.fi\/wp-content\/uploads\/2026\/04\/FlamaXmasShow2025_LaCalentura_PIENI_DSC_6101.jpg\" alt=\"\" class=\"wp-image-95411\" srcset=\"https:\/\/flama.fi\/wp-content\/uploads\/2026\/04\/FlamaXmasShow2025_LaCalentura_PIENI_DSC_6101.jpg 867w, https:\/\/flama.fi\/wp-content\/uploads\/2026\/04\/FlamaXmasShow2025_LaCalentura_PIENI_DSC_6101-300x240.jpg 300w, https:\/\/flama.fi\/wp-content\/uploads\/2026\/04\/FlamaXmasShow2025_LaCalentura_PIENI_DSC_6101-768x615.jpg 768w, https:\/\/flama.fi\/wp-content\/uploads\/2026\/04\/FlamaXmasShow2025_LaCalentura_PIENI_DSC_6101-450x360.jpg 450w\" sizes=\"(max-width: 867px) 100vw, 867px\" \/><\/figure>\n\n\n\n<h3 class=\"wp-block-heading\">Tanssiryhm\u00e4 La Calentrua<\/h3>\n\n\n\n<p>Flaman Reggaeton-tanssiryhm\u00e4 La Calentura tempaa mukaansa anteeksipyytelem\u00e4tt\u00f6m\u00e4ll\u00e4 energiallaan ja vahvalla asenteellaan! Ryhm\u00e4n esitykset ovat t\u00e4ynn\u00e4 itsevarmuutta, r\u00e4v\u00e4kk\u00e4\u00e4 asennetta ja voimaa, joka pit\u00e4\u00e4 yleis\u00f6n hyppysiss\u00e4\u00e4n heti ensitahdeista aina loppuhuipennukseen. Maailman laajuiseen suursuosioon levinnyt reggaeton on rytmik\u00e4s ja urbaani tanssi- ja musiikkityyli, jonka juuret ulottuvat Puerto Ricoon, muualle Karibian alueelle ja Yhdysvaltoihin.&nbsp;<\/p>\n\n\n\n<div style=\"height:80px\" aria-hidden=\"true\" class=\"wp-block-spacer\"><\/div>\n\n\n\n<figure class=\"wp-block-image size-large\"><img loading=\"lazy\" decoding=\"async\" width=\"1030\" height=\"343\" src=\"https:\/\/flama.fi\/wp-content\/uploads\/2026\/04\/naantali_spa_sunborn_flama_salsa_festival-1030x343.jpg\" alt=\"\" class=\"wp-image-95425\" srcset=\"https:\/\/flama.fi\/wp-content\/uploads\/2026\/04\/naantali_spa_sunborn_flama_salsa_festival-1030x343.jpg 1030w, https:\/\/flama.fi\/wp-content\/uploads\/2026\/04\/naantali_spa_sunborn_flama_salsa_festival-300x100.jpg 300w, https:\/\/flama.fi\/wp-content\/uploads\/2026\/04\/naantali_spa_sunborn_flama_salsa_festival-768x256.jpg 768w, https:\/\/flama.fi\/wp-content\/uploads\/2026\/04\/naantali_spa_sunborn_flama_salsa_festival-1536x512.jpg 1536w, https:\/\/flama.fi\/wp-content\/uploads\/2026\/04\/naantali_spa_sunborn_flama_salsa_festival-2048x683.jpg 2048w, https:\/\/flama.fi\/wp-content\/uploads\/2026\/04\/naantali_spa_sunborn_flama_salsa_festival-450x150.jpg 450w\" sizes=\"(max-width: 1030px) 100vw, 1030px\" \/><\/figure>\n\n\n\n<h3 class=\"wp-block-heading\">Y\u00f6ksi Naantalin kylpyl\u00e4\u00e4n?<\/h3>\n\n\n\n<p>Kaivo Summer Fiesta -tapahtuman osallistujat saavat Naantalin kylpyl\u00e4st\u00e4 <strong>15 %:n alennuksen<\/strong> p\u00e4iv\u00e4n huonehinnasta. Saat alekoodin ja varausohjeet lippuostoksen yhteydess\u00e4.<\/p>\n\n\n\n<p><a href=\"https:\/\/bookings.naantalispa.fi\/fi\/search-rates\">&gt;&gt; Tutustu Naantali Span huoneisiin<\/a><\/p>\n\n\n\n<div style=\"height:100px\" aria-hidden=\"true\" class=\"wp-block-spacer\"><\/div>\n\n\n\n<p><em>Tapahtuman j\u00e4rjest\u00e4v\u00e4t yhteisty\u00f6ss\u00e4 Tanssistudio Flama ja <a href=\"https:\/\/www.naantalinkaivohuone.fi\/\">Naantalin Kaivohuone<\/a>. Lis\u00e4tietoja tapahtumasta: <\/em><a href=\"mailto:info@flama.fi\"><em>info@flama.fi<\/em><\/a><\/p>\n\n\n\n<p><\/p>\n","protected":false},"excerpt":{"rendered":"<p>Mik\u00e4 olisikaan paras tapa viett\u00e4\u00e4 kuumaa kes\u00e4iltaa kuin energiset salsabileet? Tanssistudio Flama j\u00e4rjest\u00e4\u00e4 yhdess\u00e4 Naantalin Kaivohuoneen kanssa kes\u00e4n unohtumattomimman tanssi-illan Naantalin vanhan kaupungin merellisess\u00e4 milj\u00f6\u00f6ss\u00e4!<\/p>\n","protected":false},"author":80,"featured_media":95423,"menu_order":709,"template":"","tags":[4468,2075,4193,4467],"lajit":[3043,3264,2919,3042],"class_list":["post-95455","workshopit","type-workshopit","status-publish","has-post-thumbnail","hentry","tag-kaivo-summer-fiesta","tag-salsabileet","tag-sosiaalitanssi","tag-tapahatumat","lajit-bachata","lajit-paribachata","lajit-parisalsa","lajit-salsa"],"yoast_head":"<!-- This site is optimized with the Yoast SEO plugin v27.5 - https:\/\/yoast.com\/product\/yoast-seo-wordpress\/ -->\n<title>La 1.8. Kaivo Summer Fiesta - Tanssistudio Flama<\/title>\n<meta name=\"description\" content=\"Mik\u00e4 olisikaan paras tapa viett\u00e4\u00e4 kuumaa kes\u00e4iltaa kuin energiset salsabileet? Tule mukaan kes\u00e4n unohtumattomimpaan tanssi-iltaan Naantalin kaivohuoneelle!\" \/>\n<meta name=\"robots\" content=\"index, follow, max-snippet:-1, max-image-preview:large, max-video-preview:-1\" \/>\n<link rel=\"canonical\" href=\"https:\/\/flama.fi\/en\/workshops\/la-1-8-kaivo-summer-fiesta\/\" \/>\n<meta property=\"og:locale\" content=\"en_US\" \/>\n<meta property=\"og:type\" content=\"article\" \/>\n<meta property=\"og:title\" content=\"La 1.8. Kaivo Summer Fiesta - Tanssistudio Flama\" \/>\n<meta property=\"og:description\" content=\"Mik\u00e4 olisikaan paras tapa viett\u00e4\u00e4 kuumaa kes\u00e4iltaa kuin energiset salsabileet? Tule mukaan kes\u00e4n unohtumattomimpaan tanssi-iltaan Naantalin kaivohuoneelle!\" \/>\n<meta property=\"og:url\" content=\"https:\/\/flama.fi\/en\/workshops\/la-1-8-kaivo-summer-fiesta\/\" \/>\n<meta property=\"og:site_name\" content=\"Tanssistudio Flama\" \/>\n<meta property=\"article:modified_time\" content=\"2026-04-30T09:55:20+00:00\" \/>\n<meta property=\"og:image\" content=\"https:\/\/flama.fi\/wp-content\/uploads\/2026\/04\/kaivo_summer_fiesta_flama.jpg\" \/>\n\t<meta property=\"og:image:width\" content=\"1920\" \/>\n\t<meta property=\"og:image:height\" content=\"1080\" \/>\n\t<meta property=\"og:image:type\" content=\"image\/jpeg\" \/>\n<meta name=\"twitter:card\" content=\"summary_large_image\" \/>\n<meta name=\"twitter:label1\" content=\"Est. reading time\" \/>\n\t<meta name=\"twitter:data1\" content=\"6 minutes\" \/>\n<script type=\"application\/ld+json\" class=\"yoast-schema-graph\">{\"@context\":\"https:\\\/\\\/schema.org\",\"@graph\":[{\"@type\":\"WebPage\",\"@id\":\"https:\\\/\\\/flama.fi\\\/en\\\/workshops\\\/la-1-8-kaivo-summer-fiesta\\\/\",\"url\":\"https:\\\/\\\/flama.fi\\\/en\\\/workshops\\\/la-1-8-kaivo-summer-fiesta\\\/\",\"name\":\"La 1.8. Kaivo Summer Fiesta - Tanssistudio Flama\",\"isPartOf\":{\"@id\":\"https:\\\/\\\/flama.fi\\\/en\\\/#website\"},\"primaryImageOfPage\":{\"@id\":\"https:\\\/\\\/flama.fi\\\/en\\\/workshops\\\/la-1-8-kaivo-summer-fiesta\\\/#primaryimage\"},\"image\":{\"@id\":\"https:\\\/\\\/flama.fi\\\/en\\\/workshops\\\/la-1-8-kaivo-summer-fiesta\\\/#primaryimage\"},\"thumbnailUrl\":\"https:\\\/\\\/flama.fi\\\/wp-content\\\/uploads\\\/2026\\\/04\\\/kaivo_summer_fiesta_flama.jpg\",\"datePublished\":\"2026-04-30T08:18:23+00:00\",\"dateModified\":\"2026-04-30T09:55:20+00:00\",\"description\":\"Mik\u00e4 olisikaan paras tapa viett\u00e4\u00e4 kuumaa kes\u00e4iltaa kuin energiset salsabileet? Tule mukaan kes\u00e4n unohtumattomimpaan tanssi-iltaan Naantalin kaivohuoneelle!\",\"breadcrumb\":{\"@id\":\"https:\\\/\\\/flama.fi\\\/en\\\/workshops\\\/la-1-8-kaivo-summer-fiesta\\\/#breadcrumb\"},\"inLanguage\":\"en-US\",\"potentialAction\":[{\"@type\":\"ReadAction\",\"target\":[\"https:\\\/\\\/flama.fi\\\/en\\\/workshops\\\/la-1-8-kaivo-summer-fiesta\\\/\"]}]},{\"@type\":\"ImageObject\",\"inLanguage\":\"en-US\",\"@id\":\"https:\\\/\\\/flama.fi\\\/en\\\/workshops\\\/la-1-8-kaivo-summer-fiesta\\\/#primaryimage\",\"url\":\"https:\\\/\\\/flama.fi\\\/wp-content\\\/uploads\\\/2026\\\/04\\\/kaivo_summer_fiesta_flama.jpg\",\"contentUrl\":\"https:\\\/\\\/flama.fi\\\/wp-content\\\/uploads\\\/2026\\\/04\\\/kaivo_summer_fiesta_flama.jpg\",\"width\":1920,\"height\":1080},{\"@type\":\"BreadcrumbList\",\"@id\":\"https:\\\/\\\/flama.fi\\\/en\\\/workshops\\\/la-1-8-kaivo-summer-fiesta\\\/#breadcrumb\",\"itemListElement\":[{\"@type\":\"ListItem\",\"position\":1,\"name\":\"Etusivu\",\"item\":\"https:\\\/\\\/flama.fi\\\/en\\\/\"},{\"@type\":\"ListItem\",\"position\":2,\"name\":\"Workshops\",\"item\":\"https:\\\/\\\/flama.fi\\\/en\\\/workshops\\\/\"},{\"@type\":\"ListItem\",\"position\":3,\"name\":\"La 1.8. Kaivo Summer Fiesta\"}]},{\"@type\":\"WebSite\",\"@id\":\"https:\\\/\\\/flama.fi\\\/en\\\/#website\",\"url\":\"https:\\\/\\\/flama.fi\\\/en\\\/\",\"name\":\"Tanssistudio Flama\",\"description\":\"Turkulainen Tanssistudio\",\"publisher\":{\"@id\":\"https:\\\/\\\/flama.fi\\\/en\\\/#organization\"},\"potentialAction\":[{\"@type\":\"SearchAction\",\"target\":{\"@type\":\"EntryPoint\",\"urlTemplate\":\"https:\\\/\\\/flama.fi\\\/en\\\/?s={search_term_string}\"},\"query-input\":{\"@type\":\"PropertyValueSpecification\",\"valueRequired\":true,\"valueName\":\"search_term_string\"}}],\"inLanguage\":\"en-US\"},{\"@type\":\"Organization\",\"@id\":\"https:\\\/\\\/flama.fi\\\/en\\\/#organization\",\"name\":\"Tanssistudio Flama\",\"url\":\"https:\\\/\\\/flama.fi\\\/en\\\/\",\"logo\":{\"@type\":\"ImageObject\",\"inLanguage\":\"en-US\",\"@id\":\"https:\\\/\\\/flama.fi\\\/en\\\/#\\\/schema\\\/logo\\\/image\\\/\",\"url\":\"https:\\\/\\\/flama.fi\\\/wp-content\\\/uploads\\\/2022\\\/07\\\/Flama-logo.png\",\"contentUrl\":\"https:\\\/\\\/flama.fi\\\/wp-content\\\/uploads\\\/2022\\\/07\\\/Flama-logo.png\",\"width\":1240,\"height\":620,\"caption\":\"Tanssistudio Flama\"},\"image\":{\"@id\":\"https:\\\/\\\/flama.fi\\\/en\\\/#\\\/schema\\\/logo\\\/image\\\/\"}}]}<\/script>\n<!-- \/ Yoast SEO plugin. -->","yoast_head_json":{"title":"La 1.8. Kaivo Summer Fiesta - Tanssistudio Flama","description":"Mik\u00e4 olisikaan paras tapa viett\u00e4\u00e4 kuumaa kes\u00e4iltaa kuin energiset salsabileet? Tule mukaan kes\u00e4n unohtumattomimpaan tanssi-iltaan Naantalin kaivohuoneelle!","robots":{"index":"index","follow":"follow","max-snippet":"max-snippet:-1","max-image-preview":"max-image-preview:large","max-video-preview":"max-video-preview:-1"},"canonical":"https:\/\/flama.fi\/en\/workshops\/la-1-8-kaivo-summer-fiesta\/","og_locale":"en_US","og_type":"article","og_title":"La 1.8. Kaivo Summer Fiesta - Tanssistudio Flama","og_description":"Mik\u00e4 olisikaan paras tapa viett\u00e4\u00e4 kuumaa kes\u00e4iltaa kuin energiset salsabileet? Tule mukaan kes\u00e4n unohtumattomimpaan tanssi-iltaan Naantalin kaivohuoneelle!","og_url":"https:\/\/flama.fi\/en\/workshops\/la-1-8-kaivo-summer-fiesta\/","og_site_name":"Tanssistudio Flama","article_modified_time":"2026-04-30T09:55:20+00:00","og_image":[{"width":1920,"height":1080,"url":"https:\/\/flama.fi\/wp-content\/uploads\/2026\/04\/kaivo_summer_fiesta_flama.jpg","type":"image\/jpeg"}],"twitter_card":"summary_large_image","twitter_misc":{"Est. reading time":"6 minutes"},"schema":{"@context":"https:\/\/schema.org","@graph":[{"@type":"WebPage","@id":"https:\/\/flama.fi\/en\/workshops\/la-1-8-kaivo-summer-fiesta\/","url":"https:\/\/flama.fi\/en\/workshops\/la-1-8-kaivo-summer-fiesta\/","name":"La 1.8. Kaivo Summer Fiesta - Tanssistudio Flama","isPartOf":{"@id":"https:\/\/flama.fi\/en\/#website"},"primaryImageOfPage":{"@id":"https:\/\/flama.fi\/en\/workshops\/la-1-8-kaivo-summer-fiesta\/#primaryimage"},"image":{"@id":"https:\/\/flama.fi\/en\/workshops\/la-1-8-kaivo-summer-fiesta\/#primaryimage"},"thumbnailUrl":"https:\/\/flama.fi\/wp-content\/uploads\/2026\/04\/kaivo_summer_fiesta_flama.jpg","datePublished":"2026-04-30T08:18:23+00:00","dateModified":"2026-04-30T09:55:20+00:00","description":"Mik\u00e4 olisikaan paras tapa viett\u00e4\u00e4 kuumaa kes\u00e4iltaa kuin energiset salsabileet? Tule mukaan kes\u00e4n unohtumattomimpaan tanssi-iltaan Naantalin kaivohuoneelle!","breadcrumb":{"@id":"https:\/\/flama.fi\/en\/workshops\/la-1-8-kaivo-summer-fiesta\/#breadcrumb"},"inLanguage":"en-US","potentialAction":[{"@type":"ReadAction","target":["https:\/\/flama.fi\/en\/workshops\/la-1-8-kaivo-summer-fiesta\/"]}]},{"@type":"ImageObject","inLanguage":"en-US","@id":"https:\/\/flama.fi\/en\/workshops\/la-1-8-kaivo-summer-fiesta\/#primaryimage","url":"https:\/\/flama.fi\/wp-content\/uploads\/2026\/04\/kaivo_summer_fiesta_flama.jpg","contentUrl":"https:\/\/flama.fi\/wp-content\/uploads\/2026\/04\/kaivo_summer_fiesta_flama.jpg","width":1920,"height":1080},{"@type":"BreadcrumbList","@id":"https:\/\/flama.fi\/en\/workshops\/la-1-8-kaivo-summer-fiesta\/#breadcrumb","itemListElement":[{"@type":"ListItem","position":1,"name":"Etusivu","item":"https:\/\/flama.fi\/en\/"},{"@type":"ListItem","position":2,"name":"Workshops","item":"https:\/\/flama.fi\/en\/workshops\/"},{"@type":"ListItem","position":3,"name":"La 1.8. Kaivo Summer Fiesta"}]},{"@type":"WebSite","@id":"https:\/\/flama.fi\/en\/#website","url":"https:\/\/flama.fi\/en\/","name":"Tanssistudio Flama","description":"Turkulainen Tanssistudio","publisher":{"@id":"https:\/\/flama.fi\/en\/#organization"},"potentialAction":[{"@type":"SearchAction","target":{"@type":"EntryPoint","urlTemplate":"https:\/\/flama.fi\/en\/?s={search_term_string}"},"query-input":{"@type":"PropertyValueSpecification","valueRequired":true,"valueName":"search_term_string"}}],"inLanguage":"en-US"},{"@type":"Organization","@id":"https:\/\/flama.fi\/en\/#organization","name":"Tanssistudio Flama","url":"https:\/\/flama.fi\/en\/","logo":{"@type":"ImageObject","inLanguage":"en-US","@id":"https:\/\/flama.fi\/en\/#\/schema\/logo\/image\/","url":"https:\/\/flama.fi\/wp-content\/uploads\/2022\/07\/Flama-logo.png","contentUrl":"https:\/\/flama.fi\/wp-content\/uploads\/2022\/07\/Flama-logo.png","width":1240,"height":620,"caption":"Tanssistudio Flama"},"image":{"@id":"https:\/\/flama.fi\/en\/#\/schema\/logo\/image\/"}}]}},"_links":{"self":[{"href":"https:\/\/flama.fi\/en\/wp-json\/wp\/v2\/workshopit\/95455","targetHints":{"allow":["GET"]}}],"collection":[{"href":"https:\/\/flama.fi\/en\/wp-json\/wp\/v2\/workshopit"}],"about":[{"href":"https:\/\/flama.fi\/en\/wp-json\/wp\/v2\/types\/workshopit"}],"author":[{"embeddable":true,"href":"https:\/\/flama.fi\/en\/wp-json\/wp\/v2\/users\/80"}],"version-history":[{"count":9,"href":"https:\/\/flama.fi\/en\/wp-json\/wp\/v2\/workshopit\/95455\/revisions"}],"predecessor-version":[{"id":95472,"href":"https:\/\/flama.fi\/en\/wp-json\/wp\/v2\/workshopit\/95455\/revisions\/95472"}],"wp:featuredmedia":[{"embeddable":true,"href":"https:\/\/flama.fi\/en\/wp-json\/wp\/v2\/media\/95423"}],"wp:attachment":[{"href":"https:\/\/flama.fi\/en\/wp-json\/wp\/v2\/media?parent=95455"}],"wp:term":[{"taxonomy":"post_tag","embeddable":true,"href":"https:\/\/flama.fi\/en\/wp-json\/wp\/v2\/tags?post=95455"},{"taxonomy":"lajit","embeddable":true,"href":"https:\/\/flama.fi\/en\/wp-json\/wp\/v2\/lajit?post=95455"}],"curies":[{"name":"wp","href":"https:\/\/api.w.org\/{rel}","templated":true}]}}